{"id":191,"date":"2020-03-15T12:30:59","date_gmt":"2020-03-15T12:30:59","guid":{"rendered":"https:\/\/fmgwidnau.ch\/?page_id=191"},"modified":"2025-10-20T22:02:44","modified_gmt":"2025-10-20T20:02:44","slug":"prim-el-club","status":"publish","type":"page","link":"https:\/\/fgwidnau.ch\/index.php\/prim-el-club\/","title":{"rendered":"Prim-El-Club"},"content":{"rendered":"\n<h1 class=\"wp-block-heading has-text-align-center\">Prim-El-Club<\/h1>\n\n\n\n<div style=\"height:100px\" aria-hidden=\"true\" class=\"wp-block-spacer\"><\/div>\n\n\n\n<p class=\"has-text-align-center\">Der Prim-El-Club (Primarschul-Eltern-Club) organisiert f\u00fcr Sch\u00fcler und Sch\u00fclerinnen ab der 3. Klasse und deren Eltern verschiedene Veranstaltungen im Bereich Erwachsenenbildung sowie eine aktive Freizeitgestaltung f\u00fcr Kinder und Jugendliche.<\/p>\n\n\n\n<div style=\"height:100px\" aria-hidden=\"true\" class=\"wp-block-spacer\"><\/div>\n\n\n\n<p class=\"has-text-align-center\"><strong>N\u00e4chste Termine<\/strong><\/p>\n\n\n\n<div class=\"mec-wrap mec-skin-grid-container  \" id=\"mec_skin_201\">\r\n\r\n    \r\n            <div class=\"mec-skin-grid-events-container\" id=\"mec_skin_events_201\">\r\n        <div class=\"mec-wrap colorskin-custom\">\n    <div class=\"mec-event-grid-modern\">\n        <div class=\"row\"><div class=\"col-md-6 col-sm-6\">        <script type=\"application\/ld+json\">\n        {\n            \"@context\" \t\t: \"http:\/\/schema.org\",\n            \"@type\" \t\t: \"Event\",\n            \"startDate\" \t: \"2026-12-23\",\n            \"endDate\" \t\t: \"2026-12-23\",\n            \"location\" \t\t:\n            {\n                \"@type\" \t\t: \"Place\",\n                \"name\" \t\t\t: \"Jakobiplatz\",\n                \"image\"\t\t\t: \"\",\n                \"address\"\t\t: \"Widnau\"\n            },\n            \"offers\": {\n                \"url\": \"https:\/\/fgwidnau.ch\/index.php\/events\/friedenslicht\/\",\n                \"price\": \"\",\n                \"priceCurrency\" : \"CHF\"\n            },\n            \"performer\": \"\",\n            \"description\" \t: \"\",\n            \"image\" \t\t: \"\",\n            \"name\" \t\t\t: \"Friedenslicht\",\n            \"url\"\t\t\t: \"https:\/\/fgwidnau.ch\/index.php\/events\/friedenslicht\/\"\n        }\n        <\/script>\n        <article data-style=\"\" class=\" mec-event-article mec-clear \" itemscope>                    <div class=\"event-grid-modern-head clearfix\">\n                                    <div class=\"mec-event-date\"><span class=\"mec-start-date-label\">23<\/span><\/div>\n                    <div class=\"mec-event-month\"><span class=\"mec-start-date-label\">Dezember<\/span><\/div>\n                                <div class=\"mec-event-day\">Mittwoch<\/div>\n            <\/div>\n            <div class=\"mec-event-content\">\n                                <h4 class=\"mec-event-title\"><a class=\"mec-color-hover\" data-event-id=\"6933\" href=\"https:\/\/fgwidnau.ch\/index.php\/events\/friedenslicht\/\">Friedenslicht<\/a><span class=\"event-color\" style=\"background: #\"><\/span><\/h4>\n                <div class=\"mec-event-detail\">Jakobiplatz\n                <\/div>\n            <\/div>\n            <div class=\"mec-event-footer\">\n                <a class=\"mec-booking-button\" data-event-id=\"6933\" href=\"https:\/\/fgwidnau.ch\/index.php\/events\/friedenslicht\/\" target=\"_self\">Details<\/a>\n                            <\/div>\n        <\/article><\/div>                <div class=\"col-md-6 col-sm-6\">        <script type=\"application\/ld+json\">\n        {\n            \"@context\" \t\t: \"http:\/\/schema.org\",\n            \"@type\" \t\t: \"Event\",\n            \"startDate\" \t: \"2026-12-31\",\n            \"endDate\" \t\t: \"2026-12-31\",\n            \"location\" \t\t:\n            {\n                \"@type\" \t\t: \"Place\",\n                \"name\" \t\t\t: \"\",\n                \"image\"\t\t\t: \"\",\n                \"address\"\t\t: \"\"\n            },\n            \"offers\": {\n                \"url\": \"https:\/\/fgwidnau.ch\/index.php\/events\/silveschterla\/\",\n                \"price\": \"\",\n                \"priceCurrency\" : \"CHF\"\n            },\n            \"performer\": \"\",\n            \"description\" \t: \"\",\n            \"image\" \t\t: \"\",\n            \"name\" \t\t\t: \"Silveschterla\",\n            \"url\"\t\t\t: \"https:\/\/fgwidnau.ch\/index.php\/events\/silveschterla\/\"\n        }\n        <\/script>\n        <article data-style=\"\" class=\" mec-event-article mec-clear \" itemscope>                    <div class=\"event-grid-modern-head clearfix\">\n                                    <div class=\"mec-event-date\"><span class=\"mec-start-date-label\">31<\/span><\/div>\n                    <div class=\"mec-event-month\"><span class=\"mec-start-date-label\">Dezember<\/span><\/div>\n                                <div class=\"mec-event-day\">Donnerstag<\/div>\n            <\/div>\n            <div class=\"mec-event-content\">\n                                <h4 class=\"mec-event-title\"><a class=\"mec-color-hover\" data-event-id=\"6934\" href=\"https:\/\/fgwidnau.ch\/index.php\/events\/silveschterla\/\">Silveschterla<\/a><span class=\"event-color\" style=\"background: #\"><\/span><\/h4>\n                <div class=\"mec-event-detail\">\n                <\/div>\n            <\/div>\n            <div class=\"mec-event-footer\">\n                <a class=\"mec-booking-button\" data-event-id=\"6934\" href=\"https:\/\/fgwidnau.ch\/index.php\/events\/silveschterla\/\" target=\"_self\">Details<\/a>\n                            <\/div>\n        <\/article><\/div><\/div>                        \t<\/div>\n<\/div>\n\n    <\/div>\r\n    <div class=\"mec-skin-grid-no-events-container mec-util-hidden\" id=\"mec_skin_no_events_201\">\r\n        Keine Veranstaltung gefunden    <\/div>\r\n    \r\n    \r\n<\/div>\r\n\n\n\n\n<div style=\"height:100px\" aria-hidden=\"true\" class=\"wp-block-spacer\"><\/div>\n\n\n\n<h2 class=\"wp-block-heading has-text-align-center\">Das Prim-El-Team<\/h2>\n\n\n\n<div style=\"height:100px\" aria-hidden=\"true\" class=\"wp-block-spacer\"><\/div>\n\n\n\n<div class=\"wp-block-columns is-layout-flex wp-container-core-columns-is-layout-9d6595d7 wp-block-columns-is-layout-flex\">\n<div class=\"wp-block-column is-layout-flow wp-block-column-is-layout-flow\">\n<figure class=\"wp-block-image size-large\"><img loading=\"lazy\" decoding=\"async\" width=\"1024\" height=\"683\" src=\"http:\/\/fgwidnau.ch\/wp-content\/uploads\/2025\/10\/DSCF4260_ausschnitt-1024x683.jpg\" alt=\"\" class=\"wp-image-6461\" srcset=\"https:\/\/fgwidnau.ch\/wp-content\/uploads\/2025\/10\/DSCF4260_ausschnitt-1024x683.jpg 1024w, https:\/\/fgwidnau.ch\/wp-content\/uploads\/2025\/10\/DSCF4260_ausschnitt-300x200.jpg 300w, https:\/\/fgwidnau.ch\/wp-content\/uploads\/2025\/10\/DSCF4260_ausschnitt-768x512.jpg 768w, https:\/\/fgwidnau.ch\/wp-content\/uploads\/2025\/10\/DSCF4260_ausschnitt-391x260.jpg 391w, https:\/\/fgwidnau.ch\/wp-content\/uploads\/2025\/10\/DSCF4260_ausschnitt-1536x1024.jpg 1536w, https:\/\/fgwidnau.ch\/wp-content\/uploads\/2025\/10\/DSCF4260_ausschnitt-2048x1365.jpg 2048w, https:\/\/fgwidnau.ch\/wp-content\/uploads\/2025\/10\/DSCF4260_ausschnitt-1200x800.jpg 1200w, https:\/\/fgwidnau.ch\/wp-content\/uploads\/2025\/10\/DSCF4260_ausschnitt-1980x1320.jpg 1980w\" sizes=\"auto, (max-width: 1024px) 100vw, 1024px\" \/><\/figure>\n<\/div>\n\n\n\n<div class=\"wp-block-column is-layout-flow wp-block-column-is-layout-flow\">\n<div style=\"height:100px\" aria-hidden=\"true\" class=\"wp-block-spacer\"><\/div>\n\n\n\n<p class=\"has-small-font-size\">Susanne Durot, Fabienne Studach, <strong>Rebecca L\u00fcchinger<\/strong>, es fehlt: Sarah Schawalder<\/p>\n\n\n\n<p class=\"has-small-font-size\">Kontakt<br><strong><strong>Rebecca L\u00fcchinger-Schneider<\/strong><\/strong><br><a href=\"mailto:primelclub@fgwindau.ch\">primelclub@fgwindau.ch<\/a><\/p>\n<\/div>\n<\/div>\n\n\n\n<div style=\"height:100px\" aria-hidden=\"true\" class=\"wp-block-spacer\"><\/div>\n\n\n\n<div class=\"wp-block-buttons is-content-justification-center is-layout-flex wp-container-core-buttons-is-layout-16018d1d wp-block-buttons-is-layout-flex\">\n<div class=\"wp-block-button\"><a class=\"wp-block-button__link wp-element-button\" href=\"https:\/\/fgwidnau.ch\/index.php\/galerie\/\">zur fotogalerie<\/a><\/div>\n<\/div>\n","protected":false},"excerpt":{"rendered":"<p>Prim-El-Club Der Prim-El-Club (Primarschul-Eltern-Club) organisiert f\u00fcr Sch\u00fcler und Sch\u00fclerinnen ab der 3. Klasse und deren Eltern verschiedene Veranstaltungen im Bereich Erwachsenenbildung sowie eine aktive Freizeitgestaltung f\u00fcr Kinder und Jugendliche. N\u00e4chste Termine Das Prim-El-Team Susanne Durot, Fabienne Studach, Rebecca L\u00fcchinger, es fehlt: Sarah Schawalder KontaktRebecca L\u00fcchinger-Schneiderprimelclub@fgwindau.ch<\/p>\n","protected":false},"author":1,"featured_media":0,"parent":0,"menu_order":0,"comment_status":"closed","ping_status":"closed","template":"","meta":{"_acf_changed":false,"footnotes":""},"class_list":["post-191","page","type-page","status-publish","hentry"],"acf":[],"_links":{"self":[{"href":"https:\/\/fgwidnau.ch\/index.php\/wp-json\/wp\/v2\/pages\/191","targetHints":{"allow":["GET"]}}],"collection":[{"href":"https:\/\/fgwidnau.ch\/index.php\/wp-json\/wp\/v2\/pages"}],"about":[{"href":"https:\/\/fgwidnau.ch\/index.php\/wp-json\/wp\/v2\/types\/page"}],"author":[{"embeddable":true,"href":"https:\/\/fgwidnau.ch\/index.php\/wp-json\/wp\/v2\/users\/1"}],"replies":[{"embeddable":true,"href":"https:\/\/fgwidnau.ch\/index.php\/wp-json\/wp\/v2\/comments?post=191"}],"version-history":[{"count":22,"href":"https:\/\/fgwidnau.ch\/index.php\/wp-json\/wp\/v2\/pages\/191\/revisions"}],"predecessor-version":[{"id":6486,"href":"https:\/\/fgwidnau.ch\/index.php\/wp-json\/wp\/v2\/pages\/191\/revisions\/6486"}],"wp:attachment":[{"href":"https:\/\/fgwidnau.ch\/index.php\/wp-json\/wp\/v2\/media?parent=191"}],"curies":[{"name":"wp","href":"https:\/\/api.w.org\/{rel}","templated":true}]}}